{"id":3271,"date":"2024-11-17T13:46:13","date_gmt":"2024-11-17T12:46:13","guid":{"rendered":"https:\/\/www.vogtlandwandern.de\/neu2017\/?post_type=event&#038;p=3271"},"modified":"2026-03-13T19:57:22","modified_gmt":"2026-03-13T18:57:22","slug":"aewb-33-sportwanderung-ueber-den-noerdlichen-kammweg","status":"publish","type":"event","link":"https:\/\/www.vogtlandwandern.de\/neu2017\/event\/aewb-33-sportwanderung-ueber-den-noerdlichen-kammweg\/","title":{"rendered":"\u00c4WB &#8211; 33. Sportwanderung &#8222;\u00dcber den n\u00f6rdlichen Kammweg&#8220;"},"content":{"rendered":"<p><strong>Titel:\u00a0\u00a0\u00a0\u00a0\u00a0\u00a0\u00a0\u00a0\u00a0\u00a0\u00a0\u00a0\u00a0 <u>33. Sportwanderung \u201e\u00dcber den N\u00f6rdlichen Kammweg\u201c in der Oberlausitz (\u00c4WB)<\/u><\/strong>\u00a0 <br \/><strong>Termin:<\/strong> \u00a0\u00a0\u00a0\u00a0\u00a0\u00a0\u00a0 <strong>Sa, 18.04.2026<\/strong><\/p>\n<p><strong>Veranstalter<\/strong>: Bischofswerdaer WV e.V. mit Unterst\u00fctzung durch Wanderer aus Kleindehsa.<br \/>\u00a0\u00a0\u00a0\u00a0\u00a0\u00a0\u00a0\u00a0\u00a0\u00a0\u00a0\u00a0\u00a0\u00a0\u00a0\u00a0\u00a0\u00a0\u00a0\u00a0\u00a0 Albrecht Thomschke, Neue H\u00e4user 1a, 01877 Schm\u00f6lln-Putzkau, Tel. 03594 715955, <br \/>\u00a0\u00a0\u00a0\u00a0\u00a0\u00a0\u00a0\u00a0\u00a0\u00a0\u00a0\u00a0\u00a0\u00a0\u00a0\u00a0\u00a0\u00a0\u00a0\u00a0\u00a0 E-Mail <a href=\"mailto:thomschke@bischofswerdaer-wanderverein.de\">thomschke@bischofswerdaer-wanderverein.de<\/a><br \/><strong>Strecken: \u00a0\u00a0\u00a0 35 km: <\/strong>Demitz-Thumitz &#8211; Klosterberg &#8211; Gickelsh\u00e4user &#8211; Gro\u00dfer Picho &#8211; Irgsdorf &#8211; M\u00f6nchswalder Berg &#8211; Gro\u00dfpostwitz &#8230; weiter wie 17 km<br \/><strong>Start: <\/strong>\u00a0\u00a0\u00a0\u00a0\u00a0\u00a0\u00a0\u00a0\u00a0\u00a0\u00a0 7.30 \u2013 8.30 Uhr in Demitz-Thumitz, Gasthof Kmoch, Hauptstra\u00dfe 12\u00a0\u00a0\u00a0\u00a0\u00a0 \u00a0\u00a0\u00a0\u00a0\u00a0\u00a0\u00a0\u00a0\u00a0\u00a0\u00a0<\/p>\n<p><strong>Strecken:<\/strong> \u00a0\u00a0 <strong>17 km: <\/strong>Gro\u00dfpostwitz &#8211; Cosuler Tal &#8211; Czorneboh &#8211; Hochstein &#8211; Kleindehsa <br \/><strong>Start:<\/strong> \u00a0\u00a0\u00a0\u00a0\u00a0\u00a0\u00a0\u00a0\u00a0 9.00 Uhr (abh\u00e4ngig vom Busfahrplan) in Gro\u00dfpostwitz, Bushaltestell &#8222;Pilgersch\u00e4nke&#8220;<\/p>\n<p><strong>Ziel:<\/strong> \u00a0\u00a0\u00a0\u00a0\u00a0\u00a0\u00a0\u00a0\u00a0 \u00a0 bis 17 Uhr; Schulpark in Kleindehsa f\u00fcr beide Strecken<br \/><strong>Hinweise:<\/strong> \u00a0\u00a0 Bustransfer zum Start 35 km und 17 km: 17.00 Uhr ab Schulpark Kleindehsa; Unkostenbeitrag 8 \u20ac\/Person<br \/>\u00a0\u00a0\u00a0\u00a0\u00a0\u00a0\u00a0\u00a0\u00a0\u00a0\u00a0\u00a0\u00a0\u00a0\u00a0\u00a0\u00a0\u00a0\u00a0\u00a0 Rucksackverpflegung; Einkehrm\u00f6glichkeit am Ziel; Wanderkarte von Sachsen 1: 25 000 Bl. 48 \u00a0und 49 empfohlen,<br \/>\u00a0 \u00a0 \u00a0 \u00a0 \u00a0 \u00a0 \u00a0 \u00a0 \u00a0 \u00a0 \u00a0alternativ QR-Code f\u00fcr mapy-cz oder komoot am Start<\/p>\n","protected":false},"excerpt":{"rendered":"<p>Titel:\u00a0\u00a0\u00a0\u00a0\u00a0\u00a0\u00a0\u00a0\u00a0\u00a0\u00a0\u00a0\u00a0 33. Sportwanderung \u201e\u00dcber den N\u00f6rdlichen Kammweg\u201c in der Oberlausitz (\u00c4WB)\u00a0 Termin: \u00a0\u00a0\u00a0\u00a0\u00a0\u00a0\u00a0 Sa, 18.04.2026 Veranstalter: Bischofswerdaer WV e.V. mit Unterst\u00fctzung durch Wanderer aus Kleindehsa.\u00a0\u00a0\u00a0\u00a0\u00a0\u00a0\u00a0\u00a0\u00a0\u00a0\u00a0\u00a0\u00a0\u00a0\u00a0\u00a0\u00a0\u00a0\u00a0\u00a0\u00a0 Albrecht Thomschke, Neue H\u00e4user 1a, 01877 Schm\u00f6lln-Putzkau, Tel. 03594 715955, \u00a0\u00a0\u00a0\u00a0\u00a0\u00a0\u00a0\u00a0\u00a0\u00a0\u00a0\u00a0\u00a0\u00a0\u00a0\u00a0\u00a0\u00a0\u00a0\u00a0\u00a0 E-Mail thomschke@bischofswerdaer-wanderverein.deStrecken: \u00a0\u00a0\u00a0 35 km: Demitz-Thumitz &#8211; Klosterberg &#8211; Gickelsh\u00e4user &#8211; Gro\u00dfer Picho &#8211; Irgsdorf &#8211; M\u00f6nchswalder Berg &#8211; [&hellip;]<\/p>\n","protected":false},"author":2,"featured_media":0,"comment_status":"open","ping_status":"closed","template":"","categories":[],"tags":[],"_links":{"self":[{"href":"https:\/\/www.vogtlandwandern.de\/neu2017\/wp-json\/wp\/v2\/event\/3271"}],"collection":[{"href":"https:\/\/www.vogtlandwandern.de\/neu2017\/wp-json\/wp\/v2\/event"}],"about":[{"href":"https:\/\/www.vogtlandwandern.de\/neu2017\/wp-json\/wp\/v2\/types\/event"}],"author":[{"embeddable":true,"href":"https:\/\/www.vogtlandwandern.de\/neu2017\/wp-json\/wp\/v2\/users\/2"}],"replies":[{"embeddable":true,"href":"https:\/\/www.vogtlandwandern.de\/neu2017\/wp-json\/wp\/v2\/comments?post=3271"}],"version-history":[{"count":4,"href":"https:\/\/www.vogtlandwandern.de\/neu2017\/wp-json\/wp\/v2\/event\/3271\/revisions"}],"predecessor-version":[{"id":3740,"href":"https:\/\/www.vogtlandwandern.de\/neu2017\/wp-json\/wp\/v2\/event\/3271\/revisions\/3740"}],"wp:attachment":[{"href":"https:\/\/www.vogtlandwandern.de\/neu2017\/wp-json\/wp\/v2\/media?parent=3271"}],"wp:term":[{"taxonomy":"category","embeddable":true,"href":"https:\/\/www.vogtlandwandern.de\/neu2017\/wp-json\/wp\/v2\/categories?post=3271"},{"taxonomy":"post_tag","embeddable":true,"href":"https:\/\/www.vogtlandwandern.de\/neu2017\/wp-json\/wp\/v2\/tags?post=3271"}],"curies":[{"name":"wp","href":"https:\/\/api.w.org\/{rel}","templated":true}]}}