{"id":7,"date":"2023-01-22T21:46:35","date_gmt":"2023-01-22T20:46:35","guid":{"rendered":"http:\/\/www.vogtlandwandern.de\/neu2017\/?page_id=7"},"modified":"2026-04-10T21:32:21","modified_gmt":"2026-04-10T19:32:21","slug":"startseite","status":"publish","type":"page","link":"https:\/\/www.vogtlandwandern.de\/neu2017\/","title":{"rendered":"Startseite"},"content":{"rendered":"<p>[et_pb_section fb_built=&#8220;1&#8243; custom_padding_last_edited=&#8220;on|desktop&#8220; admin_label=&#8220;section&#8220; _builder_version=&#8220;4.16&#8243; background_color=&#8220;#ffffff&#8220; background_image=&#8220;https:\/\/www.vogtlandwandern.de\/neu2017\/wp-content\/uploads\/2019\/10\/riedelhof4.jpg&#8220; custom_padding_tablet=&#8220;50px|0|50px|0&#8243; custom_padding_phone=&#8220;&#8220; transparent_background=&#8220;off&#8220; padding_mobile=&#8220;off&#8220; make_fullwidth=&#8220;off&#8220; use_custom_width=&#8220;off&#8220; width_unit=&#8220;on&#8220; global_colors_info=&#8220;{}&#8220;][et_pb_row column_structure=&#8220;2_3,1_3&#8243; padding_mobile=&#8220;off&#8220; column_padding_mobile=&#8220;on&#8220; admin_label=&#8220;row&#8220; module_class=&#8220; et_pb_row_fullwidth&#8220; _builder_version=&#8220;4.16&#8243; background_size=&#8220;initial&#8220; background_position=&#8220;top_left&#8220; background_repeat=&#8220;repeat&#8220; width=&#8220;89%&#8220; width_tablet=&#8220;80%&#8220; width_phone=&#8220;&#8220; width_last_edited=&#8220;on|desktop&#8220; max_width=&#8220;89%&#8220; max_width_tablet=&#8220;80%&#8220; max_width_phone=&#8220;&#8220; max_width_last_edited=&#8220;on|desktop&#8220; make_fullwidth=&#8220;on&#8220; use_custom_width=&#8220;off&#8220; width_unit=&#8220;on&#8220; global_colors_info=&#8220;{}&#8220;][et_pb_column type=&#8220;2_3&#8243; _builder_version=&#8220;4.16&#8243; custom_padding=&#8220;|||&#8220; global_colors_info=&#8220;{}&#8220; custom_padding__hover=&#8220;|||&#8220;][et_pb_text admin_label=&#8220;Text&#8220; _builder_version=&#8220;4.16&#8243; text_font=&#8220;|on|||&#8220; text_text_color=&#8220;#ffffff&#8220; text_font_size=&#8220;32&#8243; text_letter_spacing=&#8220;1px&#8220; text_line_height=&#8220;1.9em&#8220; background_size=&#8220;initial&#8220; background_position=&#8220;top_left&#8220; background_repeat=&#8220;repeat&#8220; background_layout=&#8220;dark&#8220; max_width=&#8220;1000px&#8220; use_border_color=&#8220;off&#8220; border_color=&#8220;#ffffff&#8220; border_style=&#8220;solid&#8220; global_colors_info=&#8220;{}&#8220;]&nbsp;<\/p>\n<p>&nbsp;<\/p>\n<p>&nbsp;<\/p>\n<h1><strong><em>Verband Vogtl\u00e4ndischer Gebirgs- und Wandervereine e.V.<\/em><\/strong><\/h1>\n<p>&nbsp;<br \/>\n[\/et_pb_text][et_pb_text admin_label=&#8220;Text&#8220; _builder_version=&#8220;4.19.4&#8243; text_font=&#8220;|on|||&#8220; text_font_size=&#8220;32&#8243; text_letter_spacing=&#8220;1px&#8220; text_line_height=&#8220;1em&#8220; background_color=&#8220;rgba(229,229,229,0.74)&#8220; background_size=&#8220;initial&#8220; background_position=&#8220;top_left&#8220; background_repeat=&#8220;repeat&#8220; max_width=&#8220;450px&#8220; custom_margin=&#8220;|-41px||||&#8220; custom_padding=&#8220;20px|20px|20px|20px&#8220; use_border_color=&#8220;off&#8220; border_color=&#8220;#ffffff&#8220; border_style=&#8220;solid&#8220; global_colors_info=&#8220;{}&#8220;]<\/p>\n<h5 style=\"text-align: left;\"><strong><span style=\"font-size: medium;\">+++ jetzt schon vormerken! +++<\/span><\/strong><\/h5>\n<h5><strong>Wanderfest an der Elstertalbr\u00fccke &#8211; 23.05.2026<\/strong><\/h5>\n<p>[\/et_pb_text][\/et_pb_column][et_pb_column type=&#8220;1_3&#8243; _builder_version=&#8220;4.16&#8243; custom_padding=&#8220;|||&#8220; global_colors_info=&#8220;{}&#8220; custom_padding__hover=&#8220;|||&#8220;][\/et_pb_column][\/et_pb_row][\/et_pb_section][et_pb_section fb_built=&#8220;1&#8243; custom_padding_last_edited=&#8220;on|desktop&#8220; admin_label=&#8220;section&#8220; module_class=&#8220;pad_null&#8220; _builder_version=&#8220;4.16&#8243; background_color=&#8220;rgba(13,32,232,0.89)&#8220; custom_padding=&#8220;0px||0px|&#8220; custom_padding_tablet=&#8220;50px|0|50px|0&#8243; custom_padding_phone=&#8220;&#8220; transparent_background=&#8220;off&#8220; padding_mobile=&#8220;off&#8220; make_fullwidth=&#8220;off&#8220; use_custom_width=&#8220;off&#8220; width_unit=&#8220;on&#8220; global_colors_info=&#8220;{}&#8220;][et_pb_row column_structure=&#8220;3_4,1_4&#8243; admin_label=&#8220;row&#8220; _builder_version=&#8220;4.16&#8243; background_size=&#8220;initial&#8220; background_position=&#8220;top_left&#8220; background_repeat=&#8220;repeat&#8220; global_colors_info=&#8220;{}&#8220;][et_pb_column type=&#8220;3_4&#8243; _builder_version=&#8220;4.16&#8243; custom_padding=&#8220;|||&#8220; global_colors_info=&#8220;{}&#8220; custom_padding__hover=&#8220;|||&#8220;][et_pb_code admin_label=&#8220;Code&#8220; _builder_version=&#8220;4.16&#8243; global_colors_info=&#8220;{}&#8220;]<h2><\/h2>[\/et_pb_code][\/et_pb_column][et_pb_column type=&#8220;1_4&#8243; _builder_version=&#8220;4.16&#8243; custom_padding=&#8220;|||&#8220; global_colors_info=&#8220;{}&#8220; custom_padding__hover=&#8220;|||&#8220;][\/et_pb_column][\/et_pb_row][\/et_pb_section][et_pb_section fb_built=&#8220;1&#8243; admin_label=&#8220;section&#8220; _builder_version=&#8220;4.16&#8243; global_colors_info=&#8220;{}&#8220;][et_pb_row admin_label=&#8220;Zeile&#8220; _builder_version=&#8220;4.19.4&#8243; background_size=&#8220;initial&#8220; background_position=&#8220;top_left&#8220; background_repeat=&#8220;repeat&#8220; custom_padding=&#8220;10px|||||&#8220; global_colors_info=&#8220;{}&#8220;][et_pb_column type=&#8220;4_4&#8243; _builder_version=&#8220;4.16&#8243; custom_padding=&#8220;|||&#8220; global_colors_info=&#8220;{}&#8220; custom_padding__hover=&#8220;|||&#8220;][et_pb_text admin_label=&#8220;Text&#8220; _builder_version=&#8220;4.19.4&#8243; text_text_color=&#8220;#160cce&#8220; text_font_size=&#8220;20&#8243; background_size=&#8220;initial&#8220; background_position=&#8220;top_left&#8220; background_repeat=&#8220;repeat&#8220; hover_enabled=&#8220;0&#8243; use_border_color=&#8220;off&#8220; border_color=&#8220;#ffffff&#8220; border_style=&#8220;solid&#8220; inline_fonts=&#8220;Arvo&#8220; global_colors_info=&#8220;{}&#8220; sticky_enabled=&#8220;0&#8243;]<\/p>\n<p class=\"Style0\"><span style=\"color: #000000;\">lt. Info vom Sachsenforst \/Forstbezirk Adorf sind folgende Wanderwege bzw. Loipen wegen Waldpflege-\/ Holzerntema\u00dfnahmen oder Instandsetzung der Wege gesperrt:<\/span><span style=\"color: #0000ff;\"><em><br \/><\/em><\/span><em>&#8230; es liegen keine konkreten Hinweise vor &#8230; au\u00dfer Vorsicht (lt. Info aus der Presse!) im Landeswaldrevier Erlbach<br \/><\/em><span style=\"color: #000000;\">!! Es handelt sich jeweils um planm\u00e4\u00dfige Waldpflege-\/Holzerntema\u00dfnahmen mit nachgelagerter Wegeinstandsetzung. Bitte auf die Absperrungen achten<strong>. <\/strong>Zum Teil sind Umleitungen m\u00f6glich.<\/span><br \/><em><span style=\"font-size: large; font-family: inherit; font-weight: normal;\"><span style=\"color: black;\">An Feiertagen und dem Wochenende sind die Wege \u2013 sofern keine Hiobabsperrungen aufgrund verkehrssicherungsrechtlicher Zwangslagen vor Ort installiert sind \u2013 passierbar.<\/span><\/span><\/em><\/p>\n<p class=\"Style0\"><span style=\"color: #ff0000;\">Wegen Bauarbeiten an der Elstertalbr\u00fccke ist der Vogtland-Panorama-Weg\u00a9 dort gesperrt. Umleitungen sind ausgeschildert. Anbei die Hinweiskarte vom Ordnungsamt P\u00f6hl &#8211; wir bitten um unbedingte Beachtung! <a href=\"https:\/\/www.vogtlandwandern.de\/neu2017\/wp-content\/uploads\/2022\/03\/Wanderwegssperrung-v2.pdf\">Wanderwegssperrung v2<\/a><br \/>ab sofort ist der Fu\u00dfweg bei der Eisenbahnbr\u00fccke \u00fcber die Wei\u00dfe Elster bei Pirk gesperrt\u00a0<\/span><\/p>\n<p>[\/et_pb_text][et_pb_text admin_label=&#8220;Text&#8220; _builder_version=&#8220;4.16&#8243; text_text_color=&#8220;#000000&#8243; text_font_size=&#8220;20&#8243; background_size=&#8220;initial&#8220; background_position=&#8220;top_left&#8220; background_repeat=&#8220;repeat&#8220; use_border_color=&#8220;off&#8220; border_color=&#8220;#ffffff&#8220; border_style=&#8220;solid&#8220; global_colors_info=&#8220;{}&#8220;]<\/p>\n<p>Das VGWV-Pr\u00e4sidium bittet alle Wanderer um Verst\u00e4ndnis, dass sich \u00c4nderungen zu den Ausschreibungen in der Druckausgabe des Vogtl\u00e4ndischen Wanderkalenders aus den verschiedensten Gr\u00fcnden im Laufe des Jahres ergeben k\u00f6nnen.<\/p>\n<p>Wir w\u00fcnschen allen B\u00fcrgern bei bester Gesundheit eine wanderbare Zeit.<br \/>Frisch auf!<br \/>Der VGWV-Vorstand<\/p>\n<p>Bei folgenden Wanderungen gibt es \u00c4nderungen \/ Erg\u00e4nzungen in der Ausschreibung, oder auch neue Wanderaktionen bzw. mussten gar vom Veranstalter abgesagt werden:<\/p>\n<p>[\/et_pb_text][et_pb_text admin_label=&#8220;Text&#8220; _builder_version=&#8220;4.16&#8243; text_text_color=&#8220;#1f31f4&#8243; text_font_size=&#8220;20&#8243; background_size=&#8220;initial&#8220; background_position=&#8220;top_left&#8220; background_repeat=&#8220;repeat&#8220; use_border_color=&#8220;off&#8220; border_color=&#8220;#ffffff&#8220; border_style=&#8220;solid&#8220; global_colors_info=&#8220;{}&#8220;]<\/p>\n<p><div class='et-box et-info'>\n\t\t\t\t\t<div class='et-box-content'><strong>NEU: geologische Wanderung am So, 19.04.2026 &#8230; siehe Termine<\/strong><\/div><\/div><br \/><div class='et-box et-info'>\n\t\t\t\t\t<div class='et-box-content'><strong>NEUER TERMIN: kulinarische Landpartie am 25.04.2026 &#8211; nicht am 09. Mai &#8230; siehe Termine<\/strong><\/div><\/div><br \/><div class='et-box et-info'>\n\t\t\t\t\t<div class='et-box-content'><strong>Die Touren zum Wanderfest an der Elstertalbr\u00fccke &#8211; am 23.05.2026 &#8211; sind eingepflegt &#8230; siehe Termine<\/strong><\/div><\/div><\/p>\n<p><a href=\"https:\/\/www.komoot.com\/de-de\/collection\/3733298\/-elstertalbruecke-wiedereroeffnung-wanderweg-pfingstsamstag-2026\"><\/a><\/p>\n<p>[\/et_pb_text][et_pb_text admin_label=&#8220;Text&#8220; _builder_version=&#8220;4.16&#8243; text_text_color=&#8220;#1f31f4&#8243; text_font_size=&#8220;20&#8243; background_size=&#8220;initial&#8220; background_position=&#8220;top_left&#8220; background_repeat=&#8220;repeat&#8220; custom_margin=&#8220;-11px||-37px|||&#8220; use_border_color=&#8220;off&#8220; border_color=&#8220;#ffffff&#8220; border_style=&#8220;solid&#8220; global_colors_info=&#8220;{}&#8220;][\/et_pb_text][\/et_pb_column][\/et_pb_row][et_pb_row column_structure=&#8220;1_3,2_3&#8243; admin_label=&#8220;row&#8220; _builder_version=&#8220;4.16&#8243; background_size=&#8220;initial&#8220; background_position=&#8220;top_left&#8220; background_repeat=&#8220;repeat&#8220; global_colors_info=&#8220;{}&#8220;][et_pb_column type=&#8220;1_3&#8243; _builder_version=&#8220;4.16&#8243; custom_padding=&#8220;|||&#8220; global_colors_info=&#8220;{}&#8220; custom_padding__hover=&#8220;|||&#8220;][et_pb_image src=&#8220;https:\/\/www.vogtlandwandern.de\/neu2017\/wp-content\/uploads\/2017\/01\/aberg.jpg&#8220; title_text=&#8220;Jennifer Fit&#8220; show_in_lightbox=&#8220;on&#8220; align_tablet=&#8220;center&#8220; align_phone=&#8220;&#8220; align_last_edited=&#8220;on|desktop&#8220; admin_label=&#8220;Bild&#8220; _builder_version=&#8220;4.16&#8243; animation_style=&#8220;slide&#8220; animation_direction=&#8220;left&#8220; animation_duration=&#8220;500ms&#8220; animation_intensity_slide=&#8220;10%&#8220; use_border_color=&#8220;off&#8220; border_color=&#8220;#ffffff&#8220; border_style=&#8220;solid&#8220; animation=&#8220;left&#8220; sticky=&#8220;off&#8220; always_center_on_mobile=&#8220;on&#8220; global_colors_info=&#8220;{}&#8220;] [\/et_pb_image][et_pb_image src=&#8220;https:\/\/www.vogtlandwandern.de\/neu2017\/wp-content\/uploads\/2017\/01\/eimberg.jpg&#8220; title_text=&#8220;Peter Fit&#8220; show_in_lightbox=&#8220;on&#8220; align_tablet=&#8220;center&#8220; align_phone=&#8220;&#8220; align_last_edited=&#8220;on|desktop&#8220; admin_label=&#8220;Bild&#8220; _builder_version=&#8220;4.16&#8243; animation_style=&#8220;slide&#8220; animation_direction=&#8220;right&#8220; animation_duration=&#8220;500ms&#8220; animation_intensity_slide=&#8220;10%&#8220; use_border_color=&#8220;off&#8220; border_color=&#8220;#ffffff&#8220; border_style=&#8220;solid&#8220; animation=&#8220;right&#8220; sticky=&#8220;off&#8220; always_center_on_mobile=&#8220;on&#8220; global_colors_info=&#8220;{}&#8220;] [\/et_pb_image][\/et_pb_column][et_pb_column type=&#8220;2_3&#8243; _builder_version=&#8220;4.16&#8243; custom_padding=&#8220;|||&#8220; global_colors_info=&#8220;{}&#8220; custom_padding__hover=&#8220;|||&#8220;][et_pb_text admin_label=&#8220;Text&#8220; _builder_version=&#8220;4.16&#8243; text_font_size=&#8220;16&#8243; background_size=&#8220;initial&#8220; background_position=&#8220;top_left&#8220; background_repeat=&#8220;repeat&#8220; use_border_color=&#8220;off&#8220; border_color=&#8220;#ffffff&#8220; border_style=&#8220;solid&#8220; global_colors_info=&#8220;{}&#8220;]<\/p>\n<h1>Liebe Vogtl\u00e4nder, liebe G\u00e4ste,<\/h1>\n<p>&nbsp;<\/p>\n<p>k\u00f6nnen wir Sie zum Wandern motivieren? Wandern ist kinderleicht. Es kann jeder losgehen \u2013 jung, alt, arm, reich, m\u00e4nnlich, weiblich, &#8230; Das Logo an der Kleidung ist nicht entscheidend. Freuen Sie sich auf das Erlebnis in der Natur \u2013 die Sicht in die Weite der Landschaft, den Klang der rauschenden B\u00e4che und zwitschernden V\u00f6gel, den Duft der bl\u00fchenden Wiesen und Felder. Lassen Sie nicht im Alltag ihre Sinne verk\u00fcmmern \u2013 lassen Sie das Erlebnis Natur auf sich wirken und erleben Sie dabei (noch fast nebenbei) die Geschichte und Kultur der Region. Strapazen und die Bereitschaft, manchmal bis an die eigenen Grenzen zu gehen, geh\u00f6ren durchaus dazu. Ebenso Lob und ein gl\u00fcckliches L\u00e4cheln \u00fcber die erwanderte Wegstrecke.<\/p>\n<p>Sie sind dabei?! \u2013 so, nun liebe Wanderfreunde,<br \/>\nwir m\u00f6chten Sie mit dieser Webseite ermuntern, an den Wanderungen der vogtl\u00e4ndischen Wanderverbands-Mitgliedsvereine und befreundeter Vereine \/ Institutionen teilzunehmen.<br \/>\nUnd \u2013 vielleicht m\u00f6chten Sie sich selbst aktiv in die Arbeit der Vereine einbringen. Gern k\u00f6nnen Sie zur Mitgliedschaft die Kontaktdaten der Vereine nutzen. In den Wandervereinen werden noch weitere Aktivit\u00e4ten angeboten. Denn: \u201eWandern im Verein ist sch\u00f6ner als allein!\u201d<\/p>\n<p>Gern m\u00f6chten wir noch auf die Website vom Tourismusverband Vogtland e.V. hinweisen. Hier gibt es u.a. auch Hinweise auf separat Wanderm\u00f6glichkeiten im Vogtland, Wandertourenplaner und kostenfreien Prospektversand.<br \/>\nThema Wandern:\u00a0<a href=\"https:\/\/www.vogtland-tourismus.de\/de\/p\/wandern\/38723857\/\">https:\/\/www.vogtland-tourismus.de\/de\/p\/wandern\/38723857\/<\/a><br \/>\nTourenplaner:\u00a0<a href=\"https:\/\/www.vogtland-tourismus.de\/de\/tourplanner\/\">https:\/\/www.vogtland-tourismus.de\/de\/tourplanner\/<\/a><br \/>\nProspektshop:\u00a0<a href=\"https:\/\/www.vogtland-tourismus.de\/de\/brochures.html\">https:\/\/www.vogtland-tourismus.de\/de\/brochures.html<\/a><br \/>\nBuchungsservice Vogtland mit Wanderpauschalen &#8222;Wandern ohne Gep\u00e4ck&#8220;: <a href=\"https:\/\/vogtlandauskunft.de\/freizeit\/reiseangebote-tipps\">https:\/\/vogtlandauskunft.de\/freizeit\/reiseangebote-tipps\u00a0\u00a0 <\/a>oder Sie m\u00f6chten autofrei das Vogtland entdecken &#8211; mit dem Vogtlandnetz biete der Verkehrsverbund Vogtland ein gut ausgebautes Netz zum \u00d6ffentlichen Personennahverkehr: https:\/\/vogtlandauskunft.de<\/p>\n<p>Frisch Auf und ein wanderbares Jahr!<br \/>\nKathrin Hager<br \/>\nPr\u00e4sidentin des VGWV e.V.<br \/>\n[\/et_pb_text][\/et_pb_column][\/et_pb_row][\/et_pb_section]<\/p>\n","protected":false},"excerpt":{"rendered":"<p>[et_pb_section fb_built=&#8220;1&#8243; custom_padding_last_edited=&#8220;on|desktop&#8220; admin_label=&#8220;section&#8220; _builder_version=&#8220;4.16&#8243; background_color=&#8220;#ffffff&#8220; background_image=&#8220;https:\/\/www.vogtlandwandern.de\/neu2017\/wp-content\/uploads\/2019\/10\/riedelhof4.jpg&#8220; custom_padding_tablet=&#8220;50px|0|50px|0&#8243; custom_padding_phone=&#8220;&#8220; transparent_background=&#8220;off&#8220; padding_mobile=&#8220;off&#8220; make_fullwidth=&#8220;off&#8220; use_custom_width=&#8220;off&#8220; width_unit=&#8220;on&#8220; global_colors_info=&#8220;{}&#8220;][et_pb_row column_structure=&#8220;2_3,1_3&#8243; padding_mobile=&#8220;off&#8220; column_padding_mobile=&#8220;on&#8220; admin_label=&#8220;row&#8220; module_class=&#8220; et_pb_row_fullwidth&#8220; _builder_version=&#8220;4.16&#8243; background_size=&#8220;initial&#8220; background_position=&#8220;top_left&#8220; background_repeat=&#8220;repeat&#8220; width=&#8220;89%&#8220; width_tablet=&#8220;80%&#8220; width_phone=&#8220;&#8220; width_last_edited=&#8220;on|desktop&#8220; max_width=&#8220;89%&#8220; max_width_tablet=&#8220;80%&#8220; max_width_phone=&#8220;&#8220; max_width_last_edited=&#8220;on|desktop&#8220; make_fullwidth=&#8220;on&#8220; use_custom_width=&#8220;off&#8220; width_unit=&#8220;on&#8220; global_colors_info=&#8220;{}&#8220;][et_pb_column type=&#8220;2_3&#8243; _builder_version=&#8220;4.16&#8243; custom_padding=&#8220;|||&#8220; global_colors_info=&#8220;{}&#8220; custom_padding__hover=&#8220;|||&#8220;][et_pb_text admin_label=&#8220;Text&#8220; _builder_version=&#8220;4.16&#8243; text_font=&#8220;|on|||&#8220; text_text_color=&#8220;#ffffff&#8220; text_font_size=&#8220;32&#8243; text_letter_spacing=&#8220;1px&#8220; text_line_height=&#8220;1.9em&#8220; background_size=&#8220;initial&#8220; background_position=&#8220;top_left&#8220; background_repeat=&#8220;repeat&#8220; background_layout=&#8220;dark&#8220; max_width=&#8220;1000px&#8220; use_border_color=&#8220;off&#8220; [&hellip;]<\/p>\n","protected":false},"author":1,"featured_media":0,"parent":0,"menu_order":0,"comment_status":"closed","ping_status":"closed","template":"","meta":{"_et_pb_use_builder":"on","_et_pb_old_content":"<p>Willkommen auf deiner Website! Das ist die Startseite, die die meisten deiner Besucher sehen werden, wenn sie deine Website zum ersten Mal aufrufen.<\/p>","_et_gb_content_width":""},"_links":{"self":[{"href":"https:\/\/www.vogtlandwandern.de\/neu2017\/wp-json\/wp\/v2\/pages\/7"}],"collection":[{"href":"https:\/\/www.vogtlandwandern.de\/neu2017\/wp-json\/wp\/v2\/pages"}],"about":[{"href":"https:\/\/www.vogtlandwandern.de\/neu2017\/wp-json\/wp\/v2\/types\/page"}],"author":[{"embeddable":true,"href":"https:\/\/www.vogtlandwandern.de\/neu2017\/wp-json\/wp\/v2\/users\/1"}],"replies":[{"embeddable":true,"href":"https:\/\/www.vogtlandwandern.de\/neu2017\/wp-json\/wp\/v2\/comments?post=7"}],"version-history":[{"count":538,"href":"https:\/\/www.vogtlandwandern.de\/neu2017\/wp-json\/wp\/v2\/pages\/7\/revisions"}],"predecessor-version":[{"id":3754,"href":"https:\/\/www.vogtlandwandern.de\/neu2017\/wp-json\/wp\/v2\/pages\/7\/revisions\/3754"}],"wp:attachment":[{"href":"https:\/\/www.vogtlandwandern.de\/neu2017\/wp-json\/wp\/v2\/media?parent=7"}],"curies":[{"name":"wp","href":"https:\/\/api.w.org\/{rel}","templated":true}]}}